{"id":380,"date":"2020-11-23T21:43:10","date_gmt":"2020-11-24T00:43:10","guid":{"rendered":"http:\/\/www.brunetimoveis.com.br\/site\/?post_type=cpt_imobiliaria&#038;p=380"},"modified":"2020-11-29T05:18:45","modified_gmt":"2020-11-29T08:18:45","slug":"excelente-predio-comercial","status":"publish","type":"cpt_imobiliaria","link":"http:\/\/www.brunetimoveis.com.br\/site\/imobiliaria\/excelente-predio-comercial\/","title":{"rendered":"Excelente Pr\u00e9dio Comercial"},"content":{"rendered":"<p>Amplo pr\u00e9dio comercial!!! A loja fica na entrada da cidade, na principal e mais movimentada avenida. Tem mais de 2.500m2 de \u00e1rea constru\u00edda, terreno com aproximadamente 8.000m2, ideal para revendas, mercados, lojas de moveis, atacado, lojas de maquin\u00e1rios agr\u00edcolas, entre outros. Entre em contato!!!<\/p>\n","protected":false},"template":"","tags":[],"tax_imovel_finalidade":[3],"tax_imovel_cidade":[7],"tax_imovel_opcoes":[],"class_list":["post-380","cpt_imobiliaria","type-cpt_imobiliaria","status-publish","hentry","tax_imovel_finalidade-aluguel","tax_imovel_tipo-salas","tax_imovel_cidade-santana-do-livramento"],"_links":{"self":[{"href":"http:\/\/www.brunetimoveis.com.br\/site\/wp-json\/wp\/v2\/imobiliaria\/380","targetHints":{"allow":["GET"]}}],"collection":[{"href":"http:\/\/www.brunetimoveis.com.br\/site\/wp-json\/wp\/v2\/imobiliaria"}],"about":[{"href":"http:\/\/www.brunetimoveis.com.br\/site\/wp-json\/wp\/v2\/types\/cpt_imobiliaria"}],"wp:attachment":[{"href":"http:\/\/www.brunetimoveis.com.br\/site\/wp-json\/wp\/v2\/media?parent=380"}],"wp:term":[{"taxonomy":"post_tag","embeddable":true,"href":"http:\/\/www.brunetimoveis.com.br\/site\/wp-json\/wp\/v2\/tags?post=380"},{"taxonomy":"tax_imovel_finalidade","embeddable":true,"href":"http:\/\/www.brunetimoveis.com.br\/site\/wp-json\/wp\/v2\/tax_imovel_finalidade?post=380"},{"taxonomy":"tax_imovel_cidade","embeddable":true,"href":"http:\/\/www.brunetimoveis.com.br\/site\/wp-json\/wp\/v2\/tax_imovel_cidade?post=380"},{"taxonomy":"tax_imovel_opcoes","embeddable":true,"href":"http:\/\/www.brunetimoveis.com.br\/site\/wp-json\/wp\/v2\/tax_imovel_opcoes?post=380"}],"curies":[{"name":"wp","href":"https:\/\/api.w.org\/{rel}","templated":true}]}}