{"id":7899,"date":"2026-01-15T14:56:07","date_gmt":"2026-01-15T17:56:07","guid":{"rendered":"https:\/\/www.brunetimoveis.com.br\/site\/?post_type=cpt_imobiliaria&#038;p=7899"},"modified":"2026-01-15T14:56:07","modified_gmt":"2026-01-15T17:56:07","slug":"%f0%9f%8f%99%ef%b8%8f-loft-com-garagem-ed-garden-venda","status":"publish","type":"cpt_imobiliaria","link":"http:\/\/www.brunetimoveis.com.br\/site\/imobiliaria\/%f0%9f%8f%99%ef%b8%8f-loft-com-garagem-ed-garden-venda\/","title":{"rendered":"\ud83c\udfd9\ufe0f Loft com Garagem | Ed. Garden \u2013 Venda"},"content":{"rendered":"<p>\ud83c\udfd9\ufe0f Loft com Garagem | Ed. Garden \u2013 Venda<\/p>\n<p>Um im\u00f3vel moderno, pr\u00e1tico e com excelente potencial de valoriza\u00e7\u00e3o, ideal para morar ou investir.<\/p>\n<p>\u2728 Diferenciais do loft:<\/p>\n<p>\ud83d\udecb\ufe0f Loft moderno, com layout funcional<\/p>\n<p>\ud83d\ude97 Box de garagem<\/p>\n<p>\ud83d\udca1 Apartamento bem iluminado<\/p>\n<p>\ud83c\udfd7\ufe0f Edif\u00edcio rec\u00e9m entregue, com padr\u00e3o construtivo diferenciado<\/p>\n<p>\ud83d\udccd Localiza\u00e7\u00e3o central, pr\u00f3ximo aos principais pontos da cidade e com f\u00e1cil acesso a Rivera<\/p>\n<p>\ud83c\udfe2 Infraestrutura do pr\u00e9dio:<\/p>\n<p>\ud83c\udfca Piscina<\/p>\n<p>\ud83c\udf56 Churrasqueira<\/p>\n<p>\ud83c\udfcb\ufe0f Academia<\/p>\n<p>\ud83d\udecb\ufe0f Espa\u00e7o de conviv\u00eancia aberto com sof\u00e1s (ideal para relaxar ou receber visitas)<\/p>\n<p>\ud83d\udcb0 Valor de venda: R$ 320.000,00<\/p>\n<p>\ud83d\udcac Excelente op\u00e7\u00e3o para quem busca praticidade, conforto e liquidez.<\/p>\n","protected":false},"template":"","tags":[],"tax_imovel_finalidade":[2],"tax_imovel_cidade":[7],"tax_imovel_opcoes":[],"class_list":["post-7899","cpt_imobiliaria","type-cpt_imobiliaria","status-publish","hentry","tax_imovel_finalidade-venda","tax_imovel_tipo-apartamentos","tax_imovel_cidade-santana-do-livramento"],"_links":{"self":[{"href":"http:\/\/www.brunetimoveis.com.br\/site\/wp-json\/wp\/v2\/imobiliaria\/7899","targetHints":{"allow":["GET"]}}],"collection":[{"href":"http:\/\/www.brunetimoveis.com.br\/site\/wp-json\/wp\/v2\/imobiliaria"}],"about":[{"href":"http:\/\/www.brunetimoveis.com.br\/site\/wp-json\/wp\/v2\/types\/cpt_imobiliaria"}],"wp:attachment":[{"href":"http:\/\/www.brunetimoveis.com.br\/site\/wp-json\/wp\/v2\/media?parent=7899"}],"wp:term":[{"taxonomy":"post_tag","embeddable":true,"href":"http:\/\/www.brunetimoveis.com.br\/site\/wp-json\/wp\/v2\/tags?post=7899"},{"taxonomy":"tax_imovel_finalidade","embeddable":true,"href":"http:\/\/www.brunetimoveis.com.br\/site\/wp-json\/wp\/v2\/tax_imovel_finalidade?post=7899"},{"taxonomy":"tax_imovel_cidade","embeddable":true,"href":"http:\/\/www.brunetimoveis.com.br\/site\/wp-json\/wp\/v2\/tax_imovel_cidade?post=7899"},{"taxonomy":"tax_imovel_opcoes","embeddable":true,"href":"http:\/\/www.brunetimoveis.com.br\/site\/wp-json\/wp\/v2\/tax_imovel_opcoes?post=7899"}],"curies":[{"name":"wp","href":"https:\/\/api.w.org\/{rel}","templated":true}]}}