{"id":8434,"date":"2026-04-23T16:33:32","date_gmt":"2026-04-23T19:33:32","guid":{"rendered":"https:\/\/www.brunetimoveis.com.br\/site\/?post_type=cpt_imobiliaria&#038;p=8434"},"modified":"2026-04-23T16:33:32","modified_gmt":"2026-04-23T19:33:32","slug":"%f0%9f%8f%97%ef%b8%8f-loja-comercial-nova-340m%c2%b2-entrega-em-julho-2","status":"publish","type":"cpt_imobiliaria","link":"http:\/\/www.brunetimoveis.com.br\/site\/imobiliaria\/%f0%9f%8f%97%ef%b8%8f-loja-comercial-nova-340m%c2%b2-entrega-em-julho-2\/","title":{"rendered":"\ud83c\udfd7\ufe0f Loja Comercial Nova | 340m\u00b2 | Entrega em Julho"},"content":{"rendered":"<p>\ud83c\udfd7\ufe0f Loja Comercial Nova | 340m\u00b2 | Entrega em Julho<br \/>\nUm espa\u00e7o moderno, amplo e pronto para receber um neg\u00f3cio de alto n\u00edvel.<br \/>\n\u2728 Diferenciais do im\u00f3vel:<br \/>\n\ud83d\udcd0 340m\u00b2 de \u00e1rea<br \/>\n\ud83e\uddf1 V\u00e3o livre \u2013 total flexibilidade de layout<br \/>\n\u2b06\ufe0f Possibilidade de mezanino<br \/>\n\ud83c\udfe2 Constru\u00e7\u00e3o nova, padr\u00e3o atual<br \/>\n\ud83d\udd1d Ideal para lojas, academias, cl\u00ednicas, mercados, dep\u00f3sitos.<br \/>\n\ud83d\udccd Localiza\u00e7\u00e3o:<br \/>\nBairro Prado<br \/>\nAo lado da Padaria Ideal<br \/>\nAp\u00f3s a subesta\u00e7\u00e3o da RGE<br \/>\nRegi\u00e3o com bom fluxo e f\u00e1cil acesso<br \/>\n\ud83d\udcc5 Entrega prevista: in\u00edcio de julho<br \/>\n\ud83d\udcb0 Aluguel: R$ 8.500,00<br \/>\n\ud83d\udcac Espa\u00e7o, visibilidade e estrutura para levar seu neg\u00f3cio a outro n\u00edvel.<\/p>\n","protected":false},"template":"","tags":[],"tax_imovel_finalidade":[3],"tax_imovel_cidade":[7],"tax_imovel_opcoes":[],"class_list":["post-8434","cpt_imobiliaria","type-cpt_imobiliaria","status-publish","hentry","tax_imovel_finalidade-aluguel","tax_imovel_tipo-predio-comercial","tax_imovel_cidade-santana-do-livramento"],"_links":{"self":[{"href":"http:\/\/www.brunetimoveis.com.br\/site\/wp-json\/wp\/v2\/imobiliaria\/8434","targetHints":{"allow":["GET"]}}],"collection":[{"href":"http:\/\/www.brunetimoveis.com.br\/site\/wp-json\/wp\/v2\/imobiliaria"}],"about":[{"href":"http:\/\/www.brunetimoveis.com.br\/site\/wp-json\/wp\/v2\/types\/cpt_imobiliaria"}],"wp:attachment":[{"href":"http:\/\/www.brunetimoveis.com.br\/site\/wp-json\/wp\/v2\/media?parent=8434"}],"wp:term":[{"taxonomy":"post_tag","embeddable":true,"href":"http:\/\/www.brunetimoveis.com.br\/site\/wp-json\/wp\/v2\/tags?post=8434"},{"taxonomy":"tax_imovel_finalidade","embeddable":true,"href":"http:\/\/www.brunetimoveis.com.br\/site\/wp-json\/wp\/v2\/tax_imovel_finalidade?post=8434"},{"taxonomy":"tax_imovel_cidade","embeddable":true,"href":"http:\/\/www.brunetimoveis.com.br\/site\/wp-json\/wp\/v2\/tax_imovel_cidade?post=8434"},{"taxonomy":"tax_imovel_opcoes","embeddable":true,"href":"http:\/\/www.brunetimoveis.com.br\/site\/wp-json\/wp\/v2\/tax_imovel_opcoes?post=8434"}],"curies":[{"name":"wp","href":"https:\/\/api.w.org\/{rel}","templated":true}]}}